{"id":1588,"date":"2015-02-02T19:40:23","date_gmt":"2015-02-02T19:40:23","guid":{"rendered":"http:\/\/vent-des-modes-fashion.com\/notre-histoire\/?lang=en"},"modified":"2017-05-22T11:45:21","modified_gmt":"2017-05-22T10:45:21","slug":"our-story","status":"publish","type":"page","link":"https:\/\/vent-des-modes-fashion.com\/en\/our-story\/","title":{"rendered":"Our story"},"content":{"rendered":"<p><div class=\"fusion-fullwidth fullwidth-box fusion-builder-row-1 nonhundred-percent-fullwidth non-hundred-percent-height-scrolling\" style=\"background-color: #1a1919;background-position: left top;background-repeat: no-repeat;padding-top:130px;padding-right:0px;padding-bottom:50px;padding-left:0px;margin-bottom: 0px;margin-top: 0px;border-width: 0px 0px 0px 0px;border-color:#eae9e9;border-style:solid;\" ><div class=\"fusion-builder-row fusion-row\"><div class=\"fusion-layout-column fusion_builder_column fusion-builder-column-0 fusion_builder_column_1_1 1_1 fusion-one-full fusion-column-first fusion-column-last fusion-column-no-min-height\" style=\"margin-top:0px;margin-bottom:0px;\"><div class=\"fusion-column-wrapper fusion-flex-column-wrapper-legacy\" style=\"background-position:left top;background-repeat:no-repeat;-webkit-background-size:cover;-moz-background-size:cover;-o-background-size:cover;background-size:cover;padding: 0px 0px 0px 0px;\"><div class=\"fusion-blog-shortcode fusion-blog-shortcode-1 fusion-blog-archive fusion-blog-layout-timeline-wrapper fusion-blog-no\"><div class=\"fusion-posts-container fusion-posts-container-no fusion-no-meta-info fusion-blog-rollover\" data-pages=\"0\"><div class=\"fusion-timeline-icon\"><i class=\"awb-icon-bubbles\" style=\"color:#3e3e3e;\" aria-hidden=\"true\"><\/i><\/div><div class=\"fusion-blog-layout-timeline fusion-clearfix\"><div class=\"fusion-timeline-line\" style=\"border-left:1px solid #3e3e3e;border-right:1px solid #3e3e3e;\"><\/div><h3 class=\"fusion-timeline-date\" style=\"background-color:#3e3e3e;\">January 2013<\/h3><div class=\"fusion-collapse-month\"><article id=\"blog-1-post-1436\" style=\"border-color:#3e3e3e;\" class=\"fusion-post-timeline fusion-clearfix fusion-left-column post-1436 post type-post status-publish format-image has-post-thumbnail hentry category-non-classe category-story post_format-post-format-image\">\n<div class=\"fusion-post-wrapper\" style=\"background-color:rgba(255,255,255,0);\">\n\n\t\t\t<div class=\"fusion-flexslider flexslider fusion-flexslider-loading fusion-post-slideshow\" style=\"border-color:#3e3e3e;\">\n\t\t<ul class=\"slides\">\n\t\t\t\n\t\t\t\t\t\t\t\t\t\t\t\t\t\t<li><div  class=\"fusion-image-wrapper\" aria-haspopup=\"true\">\n\t\t\t\t<img decoding=\"async\" width=\"1100\" height=\"800\" src=\"https:\/\/vent-des-modes-fashion.com\/wp-content\/uploads\/2015\/02\/decoupe-atelier-de-confection-textile-vent-des-modes-fashion.jpg\" class=\"attachment-full size-full wp-post-image\" alt=\"decoupe-atelier-de-confection-textile-vent-des-modes-fashion\" \/><div class=\"fusion-rollover\">\n\t<div class=\"fusion-rollover-content\">\n\n\t\t\t\t\t\t\t\t\t\t\t\t\t\t<a class=\"fusion-rollover-link\" href=\"https:\/\/vent-des-modes-fashion.com\/en\/herve-chauvin-new-president\/\">HERVE CHAUVIN, NEW PRESIDENT<\/a>\n\t\t\t\n\t\t\t\t\t\t\t\t\n\t\t\n\t\t\t\t\t\t\t\t\t\t\t\t<h4 class=\"fusion-rollover-title\">\n\t\t\t\t\t<a class=\"fusion-rollover-title-link\" href=\"https:\/\/vent-des-modes-fashion.com\/en\/herve-chauvin-new-president\/\">\n\t\t\t\t\t\tHERVE CHAUVIN, NEW PRESIDENT\t\t\t\t\t<\/a>\n\t\t\t\t<\/h4>\n\t\t\t\n\t\t\t\t\t\t\t\t\t\t<div class=\"fusion-rollover-categories\"><a href=\"https:\/\/vent-des-modes-fashion.com\/category\/non-classe\/\" rel=\"tag\">Non class\u00e9<\/a>, <a href=\"https:\/\/vent-des-modes-fashion.com\/en\/category\/story\/\" rel=\"tag\">Story<\/a><\/div>\t\t\t\t\t\n\t\t\n\t\t\t\t\t\t<a class=\"fusion-link-wrapper\" href=\"https:\/\/vent-des-modes-fashion.com\/en\/herve-chauvin-new-president\/\" aria-label=\"HERVE CHAUVIN, NEW PRESIDENT\"><\/a>\n\t<\/div>\n<\/div>\n<\/div>\n<\/li>\n\t\t\t\n\t\t\t\n\t\t\t\t\t\t\t\t\t\t\t\t\t\t\t\t\t\t\t\t\t\t\t\t\t\t\t\t\t\t\t\t\t\t\t\t\t\t\t\t\t\t\t\t\t\t\t\t\t\t\t\t\t\t\t\t\t\t\t\t\t\t\t\t\t\t\t\t<\/ul>\n\t<\/div>\n\t<div class=\"fusion-post-content-wrapper\" style=\"padding:30px 25px 25px 25px;\"><div class=\"fusion-post-content post-content\"><div class=\"fusion-timeline-circle\" style=\"background-color:#3e3e3e;\"><\/div><div class=\"fusion-timeline-arrow\" style=\"color:#3e3e3e;\"><\/div><h2 class=\"blog-shortcode-post-title\"><a href=\"https:\/\/vent-des-modes-fashion.com\/en\/herve-chauvin-new-president\/\">HERVE CHAUVIN, NEW PRESIDENT<\/a><\/h2><div class=\"fusion-post-content-container\"><p>HERVE CHAUVIN, NEW PRESIDENT   Herv\u00e9 CHAUVIN, took over the company under the name VENT DES MODES FASHION. With an experience of 25 years in<\/p><\/div><\/div><\/div><div class=\"fusion-clearfix\"><\/div><\/div>\n<\/article>\n<\/div><h3 class=\"fusion-timeline-date\" style=\"background-color:#3e3e3e;\">October 2010<\/h3><div class=\"fusion-collapse-month\"><article id=\"blog-1-post-1438\" style=\"border-color:#3e3e3e;\" class=\"fusion-post-timeline fusion-clearfix fusion-right-column post-1438 post type-post status-publish format-image has-post-thumbnail hentry category-non-classe category-story post_format-post-format-image\">\n<div class=\"fusion-post-wrapper\" style=\"background-color:rgba(255,255,255,0);\">\n\n\t\t\t<div class=\"fusion-flexslider flexslider fusion-flexslider-loading fusion-post-slideshow\" style=\"border-color:#3e3e3e;\">\n\t\t<ul class=\"slides\">\n\t\t\t\n\t\t\t\t\t\t\t\t\t\t\t\t\t\t<li><div  class=\"fusion-image-wrapper\" aria-haspopup=\"true\">\n\t\t\t\t<img decoding=\"async\" width=\"1200\" height=\"700\" src=\"https:\/\/vent-des-modes-fashion.com\/wp-content\/uploads\/2015\/10\/machine-a-coudre-atelier-de-confection-textile-vent-des-modes-fashion1.jpg\" class=\"attachment-full size-full wp-post-image\" alt=\"machine-a-coudre-atelier-de-confection-textile-vent-des-modes-fashion\" \/><div class=\"fusion-rollover\">\n\t<div class=\"fusion-rollover-content\">\n\n\t\t\t\t\t\t\t\t\t\t\t\t\t\t<a class=\"fusion-rollover-link\" href=\"https:\/\/vent-des-modes-fashion.com\/en\/new-strategies-and-services\/\">New strategies and services<\/a>\n\t\t\t\n\t\t\t\t\t\t\t\t\n\t\t\n\t\t\t\t\t\t\t\t\t\t\t\t<h4 class=\"fusion-rollover-title\">\n\t\t\t\t\t<a class=\"fusion-rollover-title-link\" href=\"https:\/\/vent-des-modes-fashion.com\/en\/new-strategies-and-services\/\">\n\t\t\t\t\t\tNew strategies and services\t\t\t\t\t<\/a>\n\t\t\t\t<\/h4>\n\t\t\t\n\t\t\t\t\t\t\t\t\t\t<div class=\"fusion-rollover-categories\"><a href=\"https:\/\/vent-des-modes-fashion.com\/category\/non-classe\/\" rel=\"tag\">Non class\u00e9<\/a>, <a href=\"https:\/\/vent-des-modes-fashion.com\/en\/category\/story\/\" rel=\"tag\">Story<\/a><\/div>\t\t\t\t\t\n\t\t\n\t\t\t\t\t\t<a class=\"fusion-link-wrapper\" href=\"https:\/\/vent-des-modes-fashion.com\/en\/new-strategies-and-services\/\" aria-label=\"New strategies and services\"><\/a>\n\t<\/div>\n<\/div>\n<\/div>\n<\/li>\n\t\t\t\n\t\t\t\n\t\t\t\t\t\t\t\t\t\t\t\t\t\t\t\t\t\t\t\t\t\t\t\t\t\t\t\t\t\t\t\t\t\t\t\t\t\t\t\t\t\t\t\t\t\t\t\t\t\t\t\t\t\t\t\t\t\t\t\t\t\t\t\t\t\t\t\t<\/ul>\n\t<\/div>\n\t<div class=\"fusion-post-content-wrapper\" style=\"padding:30px 25px 25px 25px;\"><div class=\"fusion-post-content post-content\"><div class=\"fusion-timeline-circle\" style=\"background-color:#3e3e3e;\"><\/div><div class=\"fusion-timeline-arrow\" style=\"color:#3e3e3e;\"><\/div><h2 class=\"blog-shortcode-post-title\"><a href=\"https:\/\/vent-des-modes-fashion.com\/en\/new-strategies-and-services\/\">New strategies and services<\/a><\/h2><div class=\"fusion-post-content-container\"><p>New strategies and services   Faced with market developments and in an industry hit by deindustrialization, the activity is also positioned towards new strategies and<\/p><\/div><\/div><\/div><div class=\"fusion-clearfix\"><\/div><\/div>\n<\/article>\n<\/div><h3 class=\"fusion-timeline-date\" style=\"background-color:#3e3e3e;\">June 2006<\/h3><div class=\"fusion-collapse-month\"><article id=\"blog-1-post-1381\" style=\"border-color:#3e3e3e;\" class=\"fusion-post-timeline fusion-clearfix fusion-left-column post-1381 post type-post status-publish format-image has-post-thumbnail hentry category-histoire post_format-post-format-image\">\n<div class=\"fusion-post-wrapper\" style=\"background-color:rgba(255,255,255,0);\">\n\n\t\t\t<div class=\"fusion-flexslider flexslider fusion-flexslider-loading fusion-post-slideshow\" style=\"border-color:#3e3e3e;\">\n\t\t<ul class=\"slides\">\n\t\t\t\n\t\t\t\t\t\t\t\t\t\t\t\t\t\t<li><div  class=\"fusion-image-wrapper\" aria-haspopup=\"true\">\n\t\t\t\t<img decoding=\"async\" width=\"1200\" height=\"700\" src=\"https:\/\/vent-des-modes-fashion.com\/wp-content\/uploads\/2015\/10\/machine-a-coudre-atelier-de-confection-textile-vent-des-modes-fashion.jpg\" class=\"attachment-full size-full wp-post-image\" alt=\"\" \/><div class=\"fusion-rollover\">\n\t<div class=\"fusion-rollover-content\">\n\n\t\t\t\t\t\t\t\t\t\t\t\t\t\t<a class=\"fusion-rollover-link\" href=\"https:\/\/vent-des-modes-fashion.com\/en\/nouvelles-strategies-annees-2000\/\">NOUVELLES STRAT\u00c9GIES POUR LES ANN\u00c9ES 2000<\/a>\n\t\t\t\n\t\t\t\t\t\t\t\t\n\t\t\n\t\t\t\t\t\t\t\t\t\t\t\t<h4 class=\"fusion-rollover-title\">\n\t\t\t\t\t<a class=\"fusion-rollover-title-link\" href=\"https:\/\/vent-des-modes-fashion.com\/en\/nouvelles-strategies-annees-2000\/\">\n\t\t\t\t\t\tNOUVELLES STRAT\u00c9GIES POUR LES ANN\u00c9ES 2000\t\t\t\t\t<\/a>\n\t\t\t\t<\/h4>\n\t\t\t\n\t\t\t\t\t\t\t\t\t\t<div class=\"fusion-rollover-categories\"><a href=\"https:\/\/vent-des-modes-fashion.com\/category\/histoire\/\" rel=\"tag\">Histoire<\/a><\/div>\t\t\t\t\t\n\t\t\n\t\t\t\t\t\t<a class=\"fusion-link-wrapper\" href=\"https:\/\/vent-des-modes-fashion.com\/en\/nouvelles-strategies-annees-2000\/\" aria-label=\"NOUVELLES STRAT\u00c9GIES POUR LES ANN\u00c9ES 2000\"><\/a>\n\t<\/div>\n<\/div>\n<\/div>\n<\/li>\n\t\t\t\n\t\t\t\n\t\t\t\t\t\t\t\t\t\t\t\t\t\t\t\t\t\t\t\t\t\t\t\t\t\t\t\t\t\t\t\t\t\t\t\t\t\t\t\t\t\t\t\t\t\t\t\t\t\t\t\t\t\t\t\t\t\t\t\t\t\t\t\t\t\t\t\t<\/ul>\n\t<\/div>\n\t<div class=\"fusion-post-content-wrapper\" style=\"padding:30px 25px 25px 25px;\"><div class=\"fusion-post-content post-content\"><div class=\"fusion-timeline-circle\" style=\"background-color:#3e3e3e;\"><\/div><div class=\"fusion-timeline-arrow\" style=\"color:#3e3e3e;\"><\/div><h2 class=\"blog-shortcode-post-title\"><a href=\"https:\/\/vent-des-modes-fashion.com\/en\/nouvelles-strategies-annees-2000\/\">NOUVELLES STRAT\u00c9GIES POUR LES ANN\u00c9ES 2000<\/a><\/h2><div class=\"fusion-post-content-container\"><p>STRAT\u00c9GIES DE D\u00c9VELOPPEMENT POUR\u00a0VENT DES MODES    Face aux \u00e9volutions du march\u00e9 et dans un secteur d\u2019activit\u00e9s touch\u00e9 par un ph\u00e9nom\u00e8ne de d\u00e9sindustrialisation, l\u2019activit\u00e9<\/p><\/div><\/div><\/div><div class=\"fusion-clearfix\"><\/div><\/div>\n<\/article>\n<\/div><h3 class=\"fusion-timeline-date\" style=\"background-color:#3e3e3e;\">December 1993<\/h3><div class=\"fusion-collapse-month\"><article id=\"blog-1-post-1440\" style=\"border-color:#3e3e3e;\" class=\"fusion-post-timeline fusion-clearfix fusion-right-column post-1440 post type-post status-publish format-image has-post-thumbnail hentry category-non-classe category-story post_format-post-format-image\">\n<div class=\"fusion-post-wrapper\" style=\"background-color:rgba(255,255,255,0);\">\n\n\t\t\t<div class=\"fusion-flexslider flexslider fusion-flexslider-loading fusion-post-slideshow\" style=\"border-color:#3e3e3e;\">\n\t\t<ul class=\"slides\">\n\t\t\t\n\t\t\t\t\t\t\t\t\t\t\t\t\t\t<li><div  class=\"fusion-image-wrapper\" aria-haspopup=\"true\">\n\t\t\t\t<img decoding=\"async\" width=\"450\" height=\"338\" src=\"https:\/\/vent-des-modes-fashion.com\/wp-content\/uploads\/1993\/12\/vent-des-modes.jpg\" class=\"attachment-full size-full wp-post-image\" alt=\"\" srcset=\"https:\/\/vent-des-modes-fashion.com\/wp-content\/uploads\/1993\/12\/vent-des-modes-200x150.jpg 200w, https:\/\/vent-des-modes-fashion.com\/wp-content\/uploads\/1993\/12\/vent-des-modes-400x300.jpg 400w, https:\/\/vent-des-modes-fashion.com\/wp-content\/uploads\/1993\/12\/vent-des-modes.jpg 450w\" sizes=\"(max-width: 1070px) 100vw, 40vw\" \/><div class=\"fusion-rollover\">\n\t<div class=\"fusion-rollover-content\">\n\n\t\t\t\t\t\t\t\t\t\t\t\t\t\t<a class=\"fusion-rollover-link\" href=\"https:\/\/vent-des-modes-fashion.com\/en\/creation-of-vent-des-modes-fashion\/\">Creation of the company VENT DES MODES FASHION<\/a>\n\t\t\t\n\t\t\t\t\t\t\t\t\n\t\t\n\t\t\t\t\t\t\t\t\t\t\t\t<h4 class=\"fusion-rollover-title\">\n\t\t\t\t\t<a class=\"fusion-rollover-title-link\" href=\"https:\/\/vent-des-modes-fashion.com\/en\/creation-of-vent-des-modes-fashion\/\">\n\t\t\t\t\t\tCreation of the company VENT DES MODES FASHION\t\t\t\t\t<\/a>\n\t\t\t\t<\/h4>\n\t\t\t\n\t\t\t\t\t\t\t\t\t\t<div class=\"fusion-rollover-categories\"><a href=\"https:\/\/vent-des-modes-fashion.com\/category\/non-classe\/\" rel=\"tag\">Non class\u00e9<\/a>, <a href=\"https:\/\/vent-des-modes-fashion.com\/en\/category\/story\/\" rel=\"tag\">Story<\/a><\/div>\t\t\t\t\t\n\t\t\n\t\t\t\t\t\t<a class=\"fusion-link-wrapper\" href=\"https:\/\/vent-des-modes-fashion.com\/en\/creation-of-vent-des-modes-fashion\/\" aria-label=\"Creation of the company VENT DES MODES FASHION\"><\/a>\n\t<\/div>\n<\/div>\n<\/div>\n<\/li>\n\t\t\t\n\t\t\t\n\t\t\t\t\t\t\t\t\t\t\t\t\t\t\t\t\t\t\t\t\t\t\t\t\t\t\t\t\t\t\t\t\t\t\t\t\t\t\t\t\t\t\t\t\t\t\t\t\t\t\t\t\t\t\t\t\t\t\t\t\t\t\t\t\t\t\t\t<\/ul>\n\t<\/div>\n\t<div class=\"fusion-post-content-wrapper\" style=\"padding:30px 25px 25px 25px;\"><div class=\"fusion-post-content post-content\"><div class=\"fusion-timeline-circle\" style=\"background-color:#3e3e3e;\"><\/div><div class=\"fusion-timeline-arrow\" style=\"color:#3e3e3e;\"><\/div><h2 class=\"blog-shortcode-post-title\"><a href=\"https:\/\/vent-des-modes-fashion.com\/en\/creation-of-vent-des-modes-fashion\/\">Creation of the company VENT DES MODES FASHION<\/a><\/h2><div class=\"fusion-post-content-container\"><p>Creation of the company VENT DES MODES FASHION   Jean Fran\u00e7ois COULON created the company VENT DES MODES at La MOTHE ACHARD, specialized in the<\/p><\/div><\/div><\/div><div class=\"fusion-clearfix\"><\/div><\/div>\n<\/article>\n<article id=\"blog-1-post-1383\" style=\"border-color:#3e3e3e;\" class=\"fusion-post-timeline fusion-clearfix fusion-left-column post-1383 post type-post status-publish format-image has-post-thumbnail hentry category-histoire post_format-post-format-image\">\n<div class=\"fusion-post-wrapper\" style=\"background-color:rgba(255,255,255,0);\">\n\n\t\t\t<div class=\"fusion-flexslider flexslider fusion-flexslider-loading fusion-post-slideshow\" style=\"border-color:#3e3e3e;\">\n\t\t<ul class=\"slides\">\n\t\t\t\n\t\t\t\t\t\t\t\t\t\t\t\t\t\t<li><div  class=\"fusion-image-wrapper\" aria-haspopup=\"true\">\n\t\t\t\t<img decoding=\"async\" width=\"450\" height=\"338\" src=\"https:\/\/vent-des-modes-fashion.com\/wp-content\/uploads\/1993\/12\/vent-des-modes.jpg\" class=\"attachment-full size-full wp-post-image\" alt=\"\" srcset=\"https:\/\/vent-des-modes-fashion.com\/wp-content\/uploads\/1993\/12\/vent-des-modes-200x150.jpg 200w, https:\/\/vent-des-modes-fashion.com\/wp-content\/uploads\/1993\/12\/vent-des-modes-400x300.jpg 400w, https:\/\/vent-des-modes-fashion.com\/wp-content\/uploads\/1993\/12\/vent-des-modes.jpg 450w\" sizes=\"(max-width: 1070px) 100vw, 40vw\" \/><div class=\"fusion-rollover\">\n\t<div class=\"fusion-rollover-content\">\n\n\t\t\t\t\t\t\t\t\t\t\t\t\t\t<a class=\"fusion-rollover-link\" href=\"https:\/\/vent-des-modes-fashion.com\/en\/creation-de-vent-des-modes-2\/\">CR\u00c9ATION DE VENT DES MODES<\/a>\n\t\t\t\n\t\t\t\t\t\t\t\t\n\t\t\n\t\t\t\t\t\t\t\t\t\t\t\t<h4 class=\"fusion-rollover-title\">\n\t\t\t\t\t<a class=\"fusion-rollover-title-link\" href=\"https:\/\/vent-des-modes-fashion.com\/en\/creation-de-vent-des-modes-2\/\">\n\t\t\t\t\t\tCR\u00c9ATION DE VENT DES MODES\t\t\t\t\t<\/a>\n\t\t\t\t<\/h4>\n\t\t\t\n\t\t\t\t\t\t\t\t\t\t<div class=\"fusion-rollover-categories\"><a href=\"https:\/\/vent-des-modes-fashion.com\/category\/histoire\/\" rel=\"tag\">Histoire<\/a><\/div>\t\t\t\t\t\n\t\t\n\t\t\t\t\t\t<a class=\"fusion-link-wrapper\" href=\"https:\/\/vent-des-modes-fashion.com\/en\/creation-de-vent-des-modes-2\/\" aria-label=\"CR\u00c9ATION DE VENT DES MODES\"><\/a>\n\t<\/div>\n<\/div>\n<\/div>\n<\/li>\n\t\t\t\n\t\t\t\n\t\t\t\t\t\t\t\t\t\t\t\t\t\t\t\t\t\t\t\t\t\t\t\t\t\t\t\t\t\t\t\t\t\t\t\t\t\t\t\t\t\t\t\t\t\t\t\t\t\t\t\t\t\t\t\t\t\t\t\t\t\t\t\t\t\t\t\t<\/ul>\n\t<\/div>\n\t<div class=\"fusion-post-content-wrapper\" style=\"padding:30px 25px 25px 25px;\"><div class=\"fusion-post-content post-content\"><div class=\"fusion-timeline-circle\" style=\"background-color:#3e3e3e;\"><\/div><div class=\"fusion-timeline-arrow\" style=\"color:#3e3e3e;\"><\/div><h2 class=\"blog-shortcode-post-title\"><a href=\"https:\/\/vent-des-modes-fashion.com\/en\/creation-de-vent-des-modes-2\/\">CR\u00c9ATION DE VENT DES MODES<\/a><\/h2><div class=\"fusion-post-content-container\"><p>CR\u00c9ATION DE VENT DES MODES    Jean Fran\u00e7ois COULON cr\u00e9\u00e9 la soci\u00e9t\u00e9 VENT DES MODES \u00e0 la MOTHE ACHARD, sp\u00e9cialis\u00e9e dans la fabrication du<\/p><\/div><\/div><\/div><div class=\"fusion-clearfix\"><\/div><\/div>\n<\/article>\n<\/div><\/div><\/div><\/div><div class=\"fusion-clearfix\"><\/div><\/div><\/div><\/div><\/div><div class=\"fusion-fullwidth fullwidth-box fusion-builder-row-2 hundred-percent-fullwidth non-hundred-percent-height-scrolling\" style=\"background-color: #1a1919;background-position: left top;background-repeat: no-repeat;padding-top:65px;padding-right:3%;padding-bottom:0px;padding-left:3%;margin-bottom: 0px;margin-top: 0px;border-width: 0px 0px 0px 0px;border-color:#eae9e9;border-style:solid;\" ><div class=\"fusion-builder-row fusion-row\"><div class=\"fusion-layout-column fusion_builder_column fusion-builder-column-1 fusion_builder_column_1_1 1_1 fusion-one-full fusion-column-first fusion-column-last fusion-column-no-min-height\" style=\"margin-top:0px;margin-bottom:0px;\"><div class=\"fusion-column-wrapper fusion-flex-column-wrapper-legacy\" style=\"background-position:left top;background-repeat:no-repeat;-webkit-background-size:cover;-moz-background-size:cover;-o-background-size:cover;background-size:cover;padding: 0px 0px 0px 0px;\"><div class=\"fusion-sep-clear\"><\/div><div class=\"fusion-separator fusion-full-width-sep\" style=\"margin-left: auto;margin-right: auto;margin-top:10px;margin-bottom:10px;width:100%;\"><\/div><div class=\"fusion-sep-clear\"><\/div><div class=\"imageframe-align-center\"><span class=\" fusion-imageframe imageframe-none imageframe-1 hover-type-none\"><img decoding=\"async\" src=\"https:\/\/vent-des-modes-fashion.com\/wp-content\/uploads\/2015\/10\/Logo-provisoire-Retina-240x51.png\" alt class=\"img-responsive\"\/><\/span><\/div><div class=\"fusion-sep-clear\"><\/div><div class=\"fusion-separator fusion-full-width-sep\" style=\"margin-left: auto;margin-right: auto;margin-top:10px;margin-bottom:10px;width:100%;\"><\/div><div class=\"fusion-sep-clear\"><\/div><div class=\"fusion-clearfix\"><\/div><\/div><\/div><div class=\"fusion-layout-column fusion_builder_column fusion-builder-column-2 fusion_builder_column_1_3 1_3 fusion-one-third fusion-column-first\" style=\"width:30.6666%; margin-right: 4%;margin-top:0px;margin-bottom:10px;\"><div class=\"fusion-column-wrapper fusion-flex-column-wrapper-legacy\" style=\"background-position:left top;background-repeat:no-repeat;-webkit-background-size:cover;-moz-background-size:cover;-o-background-size:cover;background-size:cover;padding: 0px 0px 0px 0px;\"><img decoding=\"async\" class=\"alignnone size-full wp-image-1264 aligncenter\" src=\"https:\/\/vent-des-modes-fashion.com\/wp-content\/uploads\/2015\/11\/Picto-Footer-tel.png\" alt=\"Picto-Footer-tel\" width=\"35\" height=\"35\" \/><\/p>\n<p style=\"text-align: center; letter-spacing: 0.5px;\"><span style=\"font-family: Helvetica Neue,Helvetica,Arial,sans-serif ! important; color: #ffffff;\">+33 (0)2 51 38 61 14<\/span><\/p>\n<div class=\"fusion-clearfix\"><\/div><\/div><\/div><div class=\"fusion-layout-column fusion_builder_column fusion-builder-column-3 fusion_builder_column_1_3 1_3 fusion-one-third\" style=\"width:30.6666%; margin-right: 4%;margin-top:0px;margin-bottom:10px;\"><div class=\"fusion-column-wrapper fusion-flex-column-wrapper-legacy\" style=\"background-position:left top;background-repeat:no-repeat;-webkit-background-size:cover;-moz-background-size:cover;-o-background-size:cover;background-size:cover;padding: 0px 0px 0px 0px;\"><img decoding=\"async\" class=\"alignnone wp-image-1262 size-full aligncenter\" src=\"https:\/\/vent-des-modes-fashion.com\/wp-content\/uploads\/2015\/11\/Picto-Footer-email.png\" alt=\"\" width=\"35\" height=\"35\" \/><\/p>\n<p style=\"text-align: center; letter-spacing: 0.5px;\"><span style=\"font-family: Helvetica Neue,Helvetica,Arial,sans-serif ! important; color: #ffffff;\"><a href=\"mailto:contact@ventdesmodes.com\">contact@ventdesmodes.com<\/a><\/span><\/p>\n<div class=\"fusion-clearfix\"><\/div><\/div><\/div><div class=\"fusion-layout-column fusion_builder_column fusion-builder-column-4 fusion_builder_column_1_3 1_3 fusion-one-third fusion-column-last\" style=\"width:30.6666%;margin-top:0px;margin-bottom:10px;\"><div class=\"fusion-column-wrapper fusion-flex-column-wrapper-legacy\" style=\"background-position:left top;background-repeat:no-repeat;-webkit-background-size:cover;-moz-background-size:cover;-o-background-size:cover;background-size:cover;padding: 0px 0px 0px 0px;\"><img decoding=\"async\" class=\"wp-image-1263 size-full aligncenter\" src=\"https:\/\/vent-des-modes-fashion.com\/wp-content\/uploads\/2015\/11\/Picto-Footer-geolocal-transpa.png\" alt=\"\" width=\"35\" height=\"35\" \/><\/p>\n<p style=\"text-align: center; letter-spacing: 0.5px;\"><span style=\"font-family: Helvetica Neue,Helvetica,Arial,sans-serif ! important; color: #ffffff;\">Zone d\u2019Activit\u00e9s \u2013 10 rue de la Tour \u2013 BP 18 \u2013 85150 La Mothe-Achard<br \/>\nFRANCE<\/span><\/p>\n<div class=\"fusion-clearfix\"><\/div><\/div><\/div><\/div><\/div><\/p>\n","protected":false},"excerpt":{"rendered":"","protected":false},"author":1,"featured_media":0,"parent":0,"menu_order":0,"comment_status":"closed","ping_status":"open","template":"100-width.php","meta":{"footnotes":""},"class_list":["post-1588","page","type-page","status-publish","hentry"],"_links":{"self":[{"href":"https:\/\/vent-des-modes-fashion.com\/en\/wp-json\/wp\/v2\/pages\/1588","targetHints":{"allow":["GET"]}}],"collection":[{"href":"https:\/\/vent-des-modes-fashion.com\/en\/wp-json\/wp\/v2\/pages"}],"about":[{"href":"https:\/\/vent-des-modes-fashion.com\/en\/wp-json\/wp\/v2\/types\/page"}],"author":[{"embeddable":true,"href":"https:\/\/vent-des-modes-fashion.com\/en\/wp-json\/wp\/v2\/users\/1"}],"replies":[{"embeddable":true,"href":"https:\/\/vent-des-modes-fashion.com\/en\/wp-json\/wp\/v2\/comments?post=1588"}],"version-history":[{"count":4,"href":"https:\/\/vent-des-modes-fashion.com\/en\/wp-json\/wp\/v2\/pages\/1588\/revisions"}],"predecessor-version":[{"id":1671,"href":"https:\/\/vent-des-modes-fashion.com\/en\/wp-json\/wp\/v2\/pages\/1588\/revisions\/1671"}],"wp:attachment":[{"href":"https:\/\/vent-des-modes-fashion.com\/en\/wp-json\/wp\/v2\/media?parent=1588"}],"curies":[{"name":"wp","href":"https:\/\/api.w.org\/{rel}","templated":true}]}}